{"id":71,"date":"2012-11-16T18:45:56","date_gmt":"2012-11-16T20:45:56","guid":{"rendered":"http:\/\/efagundes.com\/openclass_networking\/?page_id=71"},"modified":"2022-01-16T17:49:48","modified_gmt":"2022-01-16T20:49:48","slug":"fibra-optica","status":"publish","type":"page","link":"https:\/\/efagundes.com\/networking\/hardware-de-rede\/fibra-optica\/","title":{"rendered":"Fibra \u00f3ptica"},"content":{"rendered":"<p><a href=\"https:\/\/i0.wp.com\/efagundes.com\/networking\/wp-content\/uploads\/sites\/5\/2015\/03\/Slide10.jpg\"><img data-recalc-dims=\"1\" loading=\"lazy\" decoding=\"async\" data-attachment-id=\"2347\" data-permalink=\"https:\/\/efagundes.com\/networking\/hardware-de-rede\/fibra-optica\/slide10\/\" data-orig-file=\"https:\/\/i0.wp.com\/efagundes.com\/networking\/wp-content\/uploads\/sites\/5\/2015\/03\/Slide10.jpg?fit=960%2C720&amp;ssl=1\" data-orig-size=\"960,720\" data-comments-opened=\"1\" data-image-meta=\"{&quot;aperture&quot;:&quot;0&quot;,&quot;credit&quot;:&quot;&quot;,&quot;camera&quot;:&quot;&quot;,&quot;caption&quot;:&quot;&quot;,&quot;created_timestamp&quot;:&quot;0&quot;,&quot;copyright&quot;:&quot;&quot;,&quot;focal_length&quot;:&quot;0&quot;,&quot;iso&quot;:&quot;0&quot;,&quot;shutter_speed&quot;:&quot;0&quot;,&quot;title&quot;:&quot;&quot;,&quot;orientation&quot;:&quot;0&quot;}\" data-image-title=\"Slide10\" data-image-description=\"\" data-image-caption=\"\" data-large-file=\"https:\/\/i0.wp.com\/efagundes.com\/networking\/wp-content\/uploads\/sites\/5\/2015\/03\/Slide10.jpg?fit=960%2C720&amp;ssl=1\" class=\"alignnone size-full wp-image-2347\" src=\"https:\/\/i0.wp.com\/efagundes.com\/networking\/wp-content\/uploads\/sites\/5\/2015\/03\/Slide10.jpg?resize=960%2C720\" alt=\"Slide10\" width=\"960\" height=\"720\" srcset=\"https:\/\/i0.wp.com\/efagundes.com\/networking\/wp-content\/uploads\/sites\/5\/2015\/03\/Slide10.jpg?w=960&amp;ssl=1 960w, https:\/\/i0.wp.com\/efagundes.com\/networking\/wp-content\/uploads\/sites\/5\/2015\/03\/Slide10.jpg?resize=300%2C225&amp;ssl=1 300w\" sizes=\"auto, (max-width: 960px) 100vw, 960px\" \/><\/a><\/p>\n<p>As fibras \u00f3pticas s\u00e3o fios de vidro que transmitem luz. Uma fibra \u00f3ptica \u00e9 um capilar formado por materiais cristalinos e homog\u00eaneos, transparentes o bastante para guiar um feixe de luz (vis\u00edvel ou infravermelho) atrav\u00e9s de um trajeto qualquer. Uma \u00fanica fibra \u00f3ptica \u00e9 capaz de transmitir trilh\u00f5es de bits por segundo. Al\u00e9m da enorme capacidade de transmiss\u00e3o, as fibras \u00f3pticas oferecem muitas vantagens sobre a eletricidade e os fios de cobre. Pulsos de luz n\u00e3o s\u00e3o afetados por ru\u00eddos eletromagn\u00e9ticos do meio externo e a taxa de erro \u00e9 significativamente baixa.<\/p>\n<p>As fibras \u00f3pticas podem transmitir o sinal por longas dist\u00e2ncias antes de ser regenerado por repetidores. As fibras s\u00e3o mais seguras porque qualquer conex\u00e3o n\u00e3o autorizada pode ser detectada. Atualmente a instala\u00e7\u00e3o de fibra est\u00e1 sendo amplamente utilizada porque possuem um peso e di\u00e2metro muito menores comparados com os cabos de cobre.\u00a0 Os cabos de cobre est\u00e3o sendo gradativamente substitu\u00eddos pelas fibras \u00f3pticas nos \u2018backbones\u2019 de LAN e \u00e9 esperado que este uso aumente substancialmente.<\/p>\n<p>Uma fibra \u00f3ptica \u00e9 constru\u00edda de um miolo transparente de di\u00f3xido de silicone (SiO2) quase puro pelo qual viaja o feixe de luz. O miolo \u00e9 rodeado por uma camada de protetora que reflete luz guiando a luz novamente para o centro. Um pl\u00e1stico cobre a camada de prote\u00e7\u00e3o para proteger a superf\u00edcie da fibra. Os cabos tamb\u00e9m s\u00e3o constitu\u00eddos por fibras de Kevlar, um material mais resistente que o a\u00e7o, e externamente o cabo \u00e9 envolvido por uma camada de pl\u00e1stico ou Teflon para prote\u00e7\u00e3o.<\/p>\n<p>As fibras \u00f3pticas possuem duas &#8220;janelas \u00f3pticas&#8221; onde elas s\u00e3o mais transparentes e eficientes. Os centros dessas janelas s\u00e3o de 1300 nm e 1550 nm, provendo aproximadamente 18,000GHz e 12,000GHz, respectivamente, para um total de 30,000GHz. Essa enorme largura de banda \u00e9 potencialmente utiliz\u00e1vel em uma fibra. O pl\u00e1stico tamb\u00e9m \u00e9 usado nas fibras para curtas-dist\u00e2ncia e as janelas transparentes s\u00e3o tipicamente 650 nm e 750-900 nm.<\/p>\n<p>Existem basicamente dois tipos de fibras: a fibra mult\u00edmoda (multimode) muito utilizada para pequenas dist\u00e2ncias com um n\u00facleo de 50 a 100 m\u00edcron e as fibras monomodo (singlemode) para dist\u00e2ncias maiores.<\/p>\n<p>&nbsp;<\/p>\n","protected":false},"excerpt":{"rendered":"<p>As fibras \u00f3pticas s\u00e3o fios de vidro que transmitem luz. Uma fibra \u00f3ptica \u00e9 um capilar formado por materiais cristalinos e homog\u00eaneos, transparentes o bastante para guiar um feixe de luz (vis\u00edvel ou infravermelho) atrav\u00e9s de um trajeto qualquer. Uma \u00fanica fibra \u00f3ptica \u00e9 capaz de transmitir trilh\u00f5es de bits por segundo. Al\u00e9m da enorme [&hellip;]<\/p>\n","protected":false},"author":1,"featured_media":0,"parent":61,"menu_order":0,"comment_status":"closed","ping_status":"open","template":"","meta":{"footnotes":""},"class_list":["post-71","page","type-page","status-publish","hentry"],"jetpack_shortlink":"https:\/\/wp.me\/P8yKGp-19","jetpack-related-posts":[{"id":285,"url":"https:\/\/efagundes.com\/networking\/fibra-optica-2\/fibras-opticas-iii\/","url_meta":{"origin":71,"position":0},"title":"Fibras \u00f3pticas (III)","author":"Eduardo Fagundes","date":"16\/11\/2012","format":false,"excerpt":"\u00a0 As fibras \u00f3pticas s\u00e3o classificadas a partir de suas caracter\u00edsticas de transmiss\u00e3o que dependem do \u00edndice de refra\u00e7\u00e3o. Essas caracter\u00edsticas definem a capacidade de transmiss\u00e3o (largura de banda) e as facilidades operacionais de conex\u00e3o e acoplamento com fontes e detectores de luz.] Fibra mult\u00edmodo \u00edndice degrau (ID) - Simplicidade\u2026","rel":"","context":"Com 1 coment\u00e1rio","block_context":{"text":"Com 1 coment\u00e1rio","link":"https:\/\/efagundes.com\/networking\/fibra-optica-2\/fibras-opticas-iii\/#comments"},"img":{"alt_text":"Slide24","src":"https:\/\/i0.wp.com\/efagundes.com\/networking\/wp-content\/uploads\/sites\/5\/2015\/03\/Slide242.jpg?resize=350%2C200","width":350,"height":200,"srcset":"https:\/\/i0.wp.com\/efagundes.com\/networking\/wp-content\/uploads\/sites\/5\/2015\/03\/Slide242.jpg?resize=350%2C200 1x, https:\/\/i0.wp.com\/efagundes.com\/networking\/wp-content\/uploads\/sites\/5\/2015\/03\/Slide242.jpg?resize=525%2C300 1.5x, https:\/\/i0.wp.com\/efagundes.com\/networking\/wp-content\/uploads\/sites\/5\/2015\/03\/Slide242.jpg?resize=700%2C400 2x"},"classes":[]},{"id":281,"url":"https:\/\/efagundes.com\/networking\/fibra-optica-2\/fibras-opticas\/","url_meta":{"origin":71,"position":1},"title":"Fibras \u00d3pticas (I)","author":"Eduardo Fagundes","date":"16\/11\/2012","format":false,"excerpt":"\u00a0 A fibra \u00f3ptica \u00e9 a tecnologia mais avan\u00e7ada em uso comercial para transmiss\u00e3o de dados, atualmente. A transmiss\u00e3o de dados por fibra \u00f3ptica \u00e9 realizada pelo envio de um sinal de luz codificado, dentro do dom\u00ednio de frequ\u00eancia do infravermelho a uma velocidade de 10 a 15 MHz. O\u2026","rel":"","context":"Post similar","block_context":{"text":"Post similar","link":""},"img":{"alt_text":"Slide22","src":"https:\/\/i0.wp.com\/efagundes.com\/networking\/wp-content\/uploads\/sites\/5\/2015\/03\/Slide222.jpg?resize=350%2C200","width":350,"height":200,"srcset":"https:\/\/i0.wp.com\/efagundes.com\/networking\/wp-content\/uploads\/sites\/5\/2015\/03\/Slide222.jpg?resize=350%2C200 1x, https:\/\/i0.wp.com\/efagundes.com\/networking\/wp-content\/uploads\/sites\/5\/2015\/03\/Slide222.jpg?resize=525%2C300 1.5x, https:\/\/i0.wp.com\/efagundes.com\/networking\/wp-content\/uploads\/sites\/5\/2015\/03\/Slide222.jpg?resize=700%2C400 2x"},"classes":[]},{"id":283,"url":"https:\/\/efagundes.com\/networking\/fibra-optica-2\/fibras-opticas-2\/","url_meta":{"origin":71,"position":2},"title":"Fibras \u00d3pticas (II)","author":"Eduardo Fagundes","date":"16\/11\/2012","format":false,"excerpt":"","rel":"","context":"Post similar","block_context":{"text":"Post similar","link":""},"img":{"alt_text":"Slide23","src":"https:\/\/i0.wp.com\/efagundes.com\/networking\/wp-content\/uploads\/sites\/5\/2015\/03\/Slide232.jpg?resize=350%2C200","width":350,"height":200,"srcset":"https:\/\/i0.wp.com\/efagundes.com\/networking\/wp-content\/uploads\/sites\/5\/2015\/03\/Slide232.jpg?resize=350%2C200 1x, https:\/\/i0.wp.com\/efagundes.com\/networking\/wp-content\/uploads\/sites\/5\/2015\/03\/Slide232.jpg?resize=525%2C300 1.5x, https:\/\/i0.wp.com\/efagundes.com\/networking\/wp-content\/uploads\/sites\/5\/2015\/03\/Slide232.jpg?resize=700%2C400 2x"},"classes":[]},{"id":308,"url":"https:\/\/efagundes.com\/networking\/fibra-optica-2\/estrutura-basica-do-sistema-de-fibra-optica-submarina\/","url_meta":{"origin":71,"position":3},"title":"Estrutura b\u00e1sica do sistema de fibra \u00f3ptica submarina","author":"Eduardo Fagundes","date":"16\/11\/2012","format":false,"excerpt":"\u00a0 A principal caracter\u00edstica dos sistemas de comunica\u00e7\u00f5es de cabos \u00f3pticos submarinos, al\u00e9m da sua alta capacidade de transmiss\u00e3o \u00e9 a dist\u00e2ncia que se pode atingir, chegando a at\u00e9 9.000 km sem necessidade de regenera\u00e7\u00e3o do sinal. Nos sistemas que utilizam fibras \u00f3pticas de terceira gera\u00e7\u00e3o (1300nm) consegue-se atingir espa\u00e7amentos\u2026","rel":"","context":"Post similar","block_context":{"text":"Post similar","link":""},"img":{"alt_text":"Slide34","src":"https:\/\/i0.wp.com\/efagundes.com\/networking\/wp-content\/uploads\/sites\/5\/2015\/03\/Slide34.jpg?resize=350%2C200","width":350,"height":200,"srcset":"https:\/\/i0.wp.com\/efagundes.com\/networking\/wp-content\/uploads\/sites\/5\/2015\/03\/Slide34.jpg?resize=350%2C200 1x, https:\/\/i0.wp.com\/efagundes.com\/networking\/wp-content\/uploads\/sites\/5\/2015\/03\/Slide34.jpg?resize=525%2C300 1.5x, https:\/\/i0.wp.com\/efagundes.com\/networking\/wp-content\/uploads\/sites\/5\/2015\/03\/Slide34.jpg?resize=700%2C400 2x"},"classes":[]},{"id":505,"url":"https:\/\/efagundes.com\/networking\/multiplexacao-2\/evolucao-do-transporte-ip-por-fibra-optica\/","url_meta":{"origin":71,"position":4},"title":"Evolu\u00e7\u00e3o do transporte IP por fibra \u00f3ptica","author":"Eduardo Fagundes","date":"17\/11\/2012","format":false,"excerpt":"Transporte IP. Em uma rede geograficamente distribu\u00edda (WAN) ou atrav\u00e9s da Internet, o tr\u00e1fego IP \u00e9 largamente transportado em canais SONET\/SDH, utilizando redes ATM para o gerenciamento da camada ou utilizando SONET diretamente. No futuro \u00e9 esperado que o IP seja transportado diretamente sobre fibras \u00f3pticas utilizando DWDM, como mostra\u2026","rel":"","context":"Post similar","block_context":{"text":"Post similar","link":""},"img":{"alt_text":"Slide13","src":"https:\/\/i0.wp.com\/efagundes.com\/networking\/wp-content\/uploads\/sites\/5\/2015\/03\/Slide135.jpg?resize=350%2C200","width":350,"height":200,"srcset":"https:\/\/i0.wp.com\/efagundes.com\/networking\/wp-content\/uploads\/sites\/5\/2015\/03\/Slide135.jpg?resize=350%2C200 1x, https:\/\/i0.wp.com\/efagundes.com\/networking\/wp-content\/uploads\/sites\/5\/2015\/03\/Slide135.jpg?resize=525%2C300 1.5x, https:\/\/i0.wp.com\/efagundes.com\/networking\/wp-content\/uploads\/sites\/5\/2015\/03\/Slide135.jpg?resize=700%2C400 2x"},"classes":[]},{"id":482,"url":"https:\/\/efagundes.com\/networking\/multiplexacao-2\/multiplexacao-por-divisao-de-comprimento-de-onda\/","url_meta":{"origin":71,"position":5},"title":"Multiplexa\u00e7\u00e3o por divis\u00e3o de comprimento de onda","author":"Eduardo Fagundes","date":"17\/11\/2012","format":false,"excerpt":"(Wavelength Division Multiplexing) \u00e9 uma tecnologia que usa m\u00faltiplos lasers e transmite v\u00e1rios comprimentos de onda de luz (lambdas) simultaneamente em cima de uma \u00fanica fibra \u00f3ptica. Cada sinal viaja dentro de uma \u00fanica faixa de cor que \u00e9 modulada pelos dados (texto, voz, v\u00eddeo, etc.). WDM aumentou a capacidade\u2026","rel":"","context":"Post similar","block_context":{"text":"Post similar","link":""},"img":{"alt_text":"Slide3","src":"https:\/\/i0.wp.com\/efagundes.com\/networking\/wp-content\/uploads\/sites\/5\/2015\/03\/Slide39.jpg?resize=350%2C200","width":350,"height":200,"srcset":"https:\/\/i0.wp.com\/efagundes.com\/networking\/wp-content\/uploads\/sites\/5\/2015\/03\/Slide39.jpg?resize=350%2C200 1x, https:\/\/i0.wp.com\/efagundes.com\/networking\/wp-content\/uploads\/sites\/5\/2015\/03\/Slide39.jpg?resize=525%2C300 1.5x, https:\/\/i0.wp.com\/efagundes.com\/networking\/wp-content\/uploads\/sites\/5\/2015\/03\/Slide39.jpg?resize=700%2C400 2x"},"classes":[]}],"jetpack_sharing_enabled":true,"_links":{"self":[{"href":"https:\/\/efagundes.com\/networking\/wp-json\/wp\/v2\/pages\/71","targetHints":{"allow":["GET"]}}],"collection":[{"href":"https:\/\/efagundes.com\/networking\/wp-json\/wp\/v2\/pages"}],"about":[{"href":"https:\/\/efagundes.com\/networking\/wp-json\/wp\/v2\/types\/page"}],"author":[{"embeddable":true,"href":"https:\/\/efagundes.com\/networking\/wp-json\/wp\/v2\/users\/1"}],"replies":[{"embeddable":true,"href":"https:\/\/efagundes.com\/networking\/wp-json\/wp\/v2\/comments?post=71"}],"version-history":[{"count":0,"href":"https:\/\/efagundes.com\/networking\/wp-json\/wp\/v2\/pages\/71\/revisions"}],"up":[{"embeddable":true,"href":"https:\/\/efagundes.com\/networking\/wp-json\/wp\/v2\/pages\/61"}],"wp:attachment":[{"href":"https:\/\/efagundes.com\/networking\/wp-json\/wp\/v2\/media?parent=71"}],"curies":[{"name":"wp","href":"https:\/\/api.w.org\/{rel}","templated":true}]}}